{"id":13064,"date":"2025-05-16T14:58:07","date_gmt":"2025-05-16T14:58:07","guid":{"rendered":"https:\/\/www.campingtarn.com\/alojado-en\/"},"modified":"2025-12-23T06:50:41","modified_gmt":"2025-12-23T06:50:41","slug":"alojado-en","status":"publish","type":"page","link":"https:\/\/www.campingtarn.com\/es\/alojado-en\/","title":{"rendered":"Alojado en"},"content":{"rendered":"\t\t<div data-elementor-type=\"wp-page\" data-elementor-id=\"13064\" class=\"elementor elementor-13064 elementor-95\" data-elementor-post-type=\"page\">\n\t\t\t\t<div class=\"elementor-element elementor-element-ffe110e e-con-full e-flex e-con e-parent\" data-id=\"ffe110e\" data-element_type=\"container\">\n\t\t\t\t<div class=\"elementor-element elementor-element-b08750a elementor-widget elementor-widget-image\" data-id=\"b08750a\" data-element_type=\"widget\" data-widget_type=\"image.default\">\n\t\t\t\t<div class=\"elementor-widget-container\">\n\t\t\t\t\t\t\t\t\t\t\t\t\t\t\t<img fetchpriority=\"high\" decoding=\"async\" width=\"1920\" height=\"721\" src=\"https:\/\/www.campingtarn.com\/wp-content\/uploads\/2025\/10\/camping-animations.jpg\" class=\"attachment-full size-full wp-image-12688\" alt=\"Campings en el Tarn que ofrecen un programa de animaci\u00f3n estacional.\" srcset=\"https:\/\/www.campingtarn.com\/wp-content\/uploads\/2025\/10\/camping-animations.jpg 1920w, https:\/\/www.campingtarn.com\/wp-content\/uploads\/2025\/10\/camping-animations-300x113.jpg 300w, https:\/\/www.campingtarn.com\/wp-content\/uploads\/2025\/10\/camping-animations-1024x385.jpg 1024w, https:\/\/www.campingtarn.com\/wp-content\/uploads\/2025\/10\/camping-animations-768x288.jpg 768w, https:\/\/www.campingtarn.com\/wp-content\/uploads\/2025\/10\/camping-animations-1536x577.jpg 1536w\" sizes=\"(max-width: 1920px) 100vw, 1920px\" \/>\t\t\t\t\t\t\t\t\t\t\t\t\t\t\t<\/div>\n\t\t\t\t<\/div>\n\t\t\t\t<\/div>\n\t\t<div class=\"elementor-element elementor-element-5baf41cd e-flex e-con-boxed e-con e-parent\" data-id=\"5baf41cd\" data-element_type=\"container\">\n\t\t\t\t\t<div class=\"e-con-inner\">\n\t\t\t\t<div class=\"elementor-element elementor-element-6d68a1d3 elementor-widget elementor-widget-heading\" data-id=\"6d68a1d3\" data-element_type=\"widget\" data-widget_type=\"heading.default\">\n\t\t\t\t<div class=\"elementor-widget-container\">\n\t\t\t\t\t<h1 class=\"elementor-heading-title elementor-size-default\">Campings <span class=\"multiColor\">animados<\/span><\/h1>\t\t\t\t<\/div>\n\t\t\t\t<\/div>\n\t\t\t\t<div class=\"elementor-element elementor-element-d655c72 elementor-widget elementor-widget-global elementor-global-12963 elementor-global-10699 elementor-widget-html\" data-id=\"d655c72\" data-element_type=\"widget\" data-widget_type=\"html.default\">\n\t\t\t\t<div class=\"elementor-widget-container\">\n\t\t\t\t\t<ctv-search data-float=\"true\" data-modal-position=\"bottom\"><\/ctv-search>\t\t\t\t<\/div>\n\t\t\t\t<\/div>\n\t\t\t\t<div class=\"elementor-element elementor-element-564e5e8f elementor-widget__width-initial elementor-widget elementor-widget-text-editor\" data-id=\"564e5e8f\" data-element_type=\"widget\" data-widget_type=\"text-editor.default\">\n\t\t\t\t<div class=\"elementor-widget-container\">\n\t\t\t\t\t\t\t\t\t<h5><strong><span style=\"color: #f7921e;\">Unas vacaciones como t\u00fa<\/span><\/strong><\/h5><p>En los campings y PRL del Tarn, elige el estilo de vacaciones que m\u00e1s te convenga.<br>Tus vacaciones son \u00fanicas, tanto si buscas un descanso tranquilo como unas vacaciones activas, nosotros nos encargaremos de que encuentres las vacaciones de tus sue\u00f1os.<\/p><p>Deportivas, relajantes, aptas para ni\u00f1os peque\u00f1os, animadas o llenas de descubrimientos culturales, todas las caracter\u00edsticas especiales se presentan para ayudarte a pasar una estancia agradable.<\/p><p>\u00bfBuscas unas vacaciones animadas en el <strong>Tarn<\/strong>? Descubre nuestra selecci\u00f3n de <strong>campings y PRL<\/strong> con <a href=\"https:\/\/www.campingtarn.com\/es\/campings\/\"><strong>animaci\u00f3n regular<\/strong><\/a> clubes infantiles y juveniles, torneos deportivos, aquagym, veladas tem\u00e1ticas, conciertos, talleres creativos, visitas guiadas. Aqu\u00ed, las animaciones se <strong>planifican cuidadosamente<\/strong> para garantizar la comodidad de todos: sin molestias nocturnas. Alrededor de<strong>Albi, Gaillac, el Sidobre<\/strong> y los <strong>lagos de<\/strong> monta\u00f1a, elige tu alojamiento (parcela, mobil home, chalet, albergue), compara <strong>directamente las instalaciones, los periodos de apertura y los precios<\/strong>, y reserva con<strong> los miembros de la ATHPA<\/strong> para pasar unas vacaciones agradables en <strong>Occitanie<\/strong>.   <\/p>\t\t\t\t\t\t\t\t<\/div>\n\t\t\t\t<\/div>\n\t\t\t\t\t<\/div>\n\t\t\t\t<\/div>\n\t\t<div class=\"elementor-element elementor-element-d37d690 e-flex e-con-boxed e-con e-parent\" data-id=\"d37d690\" data-element_type=\"container\">\n\t\t\t\t\t<div class=\"e-con-inner\">\n\t\t<div class=\"elementor-element elementor-element-1becf8d1 e-con-full e-flex e-con e-child\" data-id=\"1becf8d1\" data-element_type=\"container\" data-settings=\"{&quot;background_background&quot;:&quot;classic&quot;}\">\n\t\t\t\t<div class=\"elementor-element elementor-element-6f66ca1e elementor-widget elementor-widget-image\" data-id=\"6f66ca1e\" data-element_type=\"widget\" data-widget_type=\"image.default\">\n\t\t\t\t<div class=\"elementor-widget-container\">\n\t\t\t\t\t\t\t\t\t\t\t\t\t\t\t<img decoding=\"async\" width=\"146\" height=\"158\" src=\"https:\/\/www.campingtarn.com\/wp-content\/uploads\/2025\/05\/picto-animation.svg\" class=\"attachment-large size-large wp-image-12672\" alt=\"Animaci\u00f3n Picto\" \/>\t\t\t\t\t\t\t\t\t\t\t\t\t\t\t<\/div>\n\t\t\t\t<\/div>\n\t\t\t\t<div class=\"elementor-element elementor-element-f6183fc elementor-widget elementor-widget-heading\" data-id=\"f6183fc\" data-element_type=\"widget\" data-widget_type=\"heading.default\">\n\t\t\t\t<div class=\"elementor-widget-container\">\n\t\t\t\t\t<h3 class=\"elementor-heading-title elementor-size-default\">Eventos | Regulares y variados<\/h3>\t\t\t\t<\/div>\n\t\t\t\t<\/div>\n\t\t\t\t<div class=\"elementor-element elementor-element-7bcce1f1 elementor-widget elementor-widget-text-editor\" data-id=\"7bcce1f1\" data-element_type=\"widget\" data-widget_type=\"text-editor.default\">\n\t\t\t\t<div class=\"elementor-widget-container\">\n\t\t\t\t\t\t\t\t\t<p>Campings que ofrecen un programa variado y regular de actos (para ni\u00f1os y\/o adultos) durante la temporada: conciertos, talleres creativos, degustaciones, visitas guiadas, concursos, etc.<br>PERO de forma sensata (no hasta medianoche, no todas las noches).<\/p>\t\t\t\t\t\t\t\t<\/div>\n\t\t\t\t<\/div>\n\t\t\t\t<\/div>\n\t\t\t\t\t<\/div>\n\t\t\t\t<\/div>\n\t\t<div class=\"elementor-element elementor-element-15885158 e-flex e-con-boxed e-con e-parent\" data-id=\"15885158\" data-element_type=\"container\">\n\t\t\t\t\t<div class=\"e-con-inner\">\n\t\t\t\t<div class=\"elementor-element elementor-element-53ef849 elementor-widget elementor-widget-shortcode\" data-id=\"53ef849\" data-element_type=\"widget\" data-widget_type=\"shortcode.default\">\n\t\t\t\t<div class=\"elementor-widget-container\">\n\t\t\t\t\t\t\t<div class=\"elementor-shortcode\">    <div id=\"wpi-results-listing-nombre-posts\" data-singulier=\"%s Camping\" data-pluriel=\"%s Campings\">\n        1 Camping            <\/div>\n    <div id=\"wpi-results-listing-posts\" class=\"wpi-results-listing-posts i-row i-align-items-stretch\">\n\n                    <article class=\"wpi-card card_camping i-col-xl-4 i-col-md-6 i-col-12 i-row \"\n                    data-theme=\"510|511|\"\n            data-equipement=\"654|514|516|517|515|518|\"\n            data-service=\"565|554|557|555|553|634|\"\n                    data-type=\"camping\"\n\n            >\n                                <a href=\"https:\/\/www.campingtarn.com\/es\/hotellerie-plein-air\/camping-des-sources-chaudes\/\" class=\"wpi-card-link\">\n                                    <div class=\"i-text-center\">\n                                                    <img decoding=\"async\" width=\"450\" height=\"275\" src=\"https:\/\/www.campingtarn.com\/wp-content\/uploads\/2025\/09\/2207396-1-450x275.png\" class=\"wpi-card-thumbnail wp-post-image\" alt=\"Callej\u00f3n principal del Camping des Sources Chaudes\" \/>                        \n\n                    <\/div>\n                    <div class=\"wpi-card-details\">\n                                                    <div class=\"wpi-card-theme\">                                    <img decoding=\"async\" src=\"https:\/\/www.campingtarn.com\/wp-content\/plugins\/wpi-apidae\/images\/ico-animado.png\" alt=\"Animado\" title=\"Animado\">\n                                                                        <img decoding=\"async\" src=\"https:\/\/www.campingtarn.com\/wp-content\/plugins\/wpi-apidae\/images\/ico-descubrimiento.png\" alt=\"Descubrimiento\" title=\"Descubrimiento\">\n                                    <\/div>                            <div class=\"wpi-tarifs\">\n                                                                Camping desde \u20ac 20.00<br>                                Alquileres desde 300.00<br>                            <\/div>\n                                                                        <h3>Camping des Sources Chaudes ****<\/h3>\n                        <div class=\"wpi-card-detail-ville\">\n                            Lacaune                        <\/div>\n                        <div class=\"wpi-card-detail-resume\">En una regi\u00f3n con un rico patrimonio cultural, el Camping des Sources Chaudes acoge a grupos y familias de marzo a noviembre.<\/div>\n<!--                        <div class=\"wpi-card-detail-categorie\">--><!--<\/div>-->\n<!---->\n<!--                        <div class=\"wpi-card-detail-classement\">-->\n<!--                            <span>--><!--<\/span>-->\n<!--                        <\/div>-->\n\n                        <div class=\"wpi-card-detail-btn\">\n                                                        <button>Libro<\/button>\n                                                    <\/div>\n                    <\/div>\n                <\/a>\n            <\/article>\n\n\n    <\/div>\n\n        <\/div>\n\t\t\t\t\t\t<\/div>\n\t\t\t\t<\/div>\n\t\t\t\t\t<\/div>\n\t\t\t\t<\/div>\n\t\t\t\t<\/div>\n\t\t","protected":false},"excerpt":{"rendered":"<p>Campings animados Unas vacaciones como t\u00fa En los campings y PRL del Tarn, elige el estilo de vacaciones que m\u00e1s te convenga.Tus vacaciones son \u00fanicas, tanto si buscas un descanso tranquilo como unas vacaciones activas, nosotros nos encargaremos de que encuentres las vacaciones de tus sue\u00f1os. Deportivas, relajantes, aptas para ni\u00f1os peque\u00f1os, animadas o llenas [&hellip;]<\/p>\n","protected":false},"author":1,"featured_media":0,"parent":0,"menu_order":0,"comment_status":"closed","ping_status":"closed","template":"","meta":{"footnotes":""},"class_list":["post-13064","page","type-page","status-publish","hentry"],"yoast_head":"<!-- This site is optimized with the Yoast SEO plugin v26.4 - https:\/\/yoast.com\/wordpress\/plugins\/seo\/ -->\n<title>Campings Anim\u00e9s du Tarn - Clubs y veladas | ATHPA<\/title>\n<meta name=\"description\" content=\"Selecci\u00f3n de campings y PRL en el Tarn con animaciones regulares: clubes infantiles\/juveniles, torneos, veladas tem\u00e1ticas. Compara instalaciones y precios,\" \/>\n<meta name=\"robots\" content=\"index, follow, max-snippet:-1, max-image-preview:large, max-video-preview:-1\" \/>\n<link rel=\"canonical\" href=\"https:\/\/www.campingtarn.com\/es\/alojado-en\/\" \/>\n<meta property=\"og:locale\" content=\"es_ES\" \/>\n<meta property=\"og:type\" content=\"article\" \/>\n<meta property=\"og:title\" content=\"Campings Anim\u00e9s du Tarn - Clubs y veladas | ATHPA\" \/>\n<meta property=\"og:description\" content=\"Selecci\u00f3n de campings y PRL en el Tarn con animaciones regulares: clubes infantiles\/juveniles, torneos, veladas tem\u00e1ticas. Compara instalaciones y precios,\" \/>\n<meta property=\"og:url\" content=\"https:\/\/www.campingtarn.com\/es\/alojado-en\/\" \/>\n<meta property=\"og:site_name\" content=\"campingtarn.com\" \/>\n<meta property=\"article:modified_time\" content=\"2025-12-23T06:50:41+00:00\" \/>\n<meta property=\"og:image\" content=\"https:\/\/www.campingtarn.com\/wp-content\/uploads\/2025\/10\/camping-animations.jpg\" \/>\n\t<meta property=\"og:image:width\" content=\"1920\" \/>\n\t<meta property=\"og:image:height\" content=\"721\" \/>\n\t<meta property=\"og:image:type\" content=\"image\/jpeg\" \/>\n<meta name=\"twitter:card\" content=\"summary_large_image\" \/>\n<meta name=\"twitter:label1\" content=\"Tiempo de lectura\" \/>\n\t<meta name=\"twitter:data1\" content=\"1 minuto\" \/>\n<script type=\"application\/ld+json\" class=\"yoast-schema-graph\">{\"@context\":\"https:\/\/schema.org\",\"@graph\":[{\"@type\":\"WebPage\",\"@id\":\"https:\/\/www.campingtarn.com\/es\/alojado-en\/\",\"url\":\"https:\/\/www.campingtarn.com\/es\/alojado-en\/\",\"name\":\"Campings Anim\u00e9s du Tarn - Clubs y veladas | ATHPA\",\"isPartOf\":{\"@id\":\"https:\/\/www.campingtarn.com\/es\/#website\"},\"primaryImageOfPage\":{\"@id\":\"https:\/\/www.campingtarn.com\/es\/alojado-en\/#primaryimage\"},\"image\":{\"@id\":\"https:\/\/www.campingtarn.com\/es\/alojado-en\/#primaryimage\"},\"thumbnailUrl\":\"https:\/\/www.campingtarn.com\/wp-content\/uploads\/2025\/10\/camping-animations.jpg\",\"datePublished\":\"2025-05-16T14:58:07+00:00\",\"dateModified\":\"2025-12-23T06:50:41+00:00\",\"description\":\"Selecci\u00f3n de campings y PRL en el Tarn con animaciones regulares: clubes infantiles\/juveniles, torneos, veladas tem\u00e1ticas. Compara instalaciones y precios,\",\"breadcrumb\":{\"@id\":\"https:\/\/www.campingtarn.com\/es\/alojado-en\/#breadcrumb\"},\"inLanguage\":\"es\",\"potentialAction\":[{\"@type\":\"ReadAction\",\"target\":[\"https:\/\/www.campingtarn.com\/es\/alojado-en\/\"]}]},{\"@type\":\"ImageObject\",\"inLanguage\":\"es\",\"@id\":\"https:\/\/www.campingtarn.com\/es\/alojado-en\/#primaryimage\",\"url\":\"https:\/\/www.campingtarn.com\/wp-content\/uploads\/2025\/10\/camping-animations.jpg\",\"contentUrl\":\"https:\/\/www.campingtarn.com\/wp-content\/uploads\/2025\/10\/camping-animations.jpg\"},{\"@type\":\"BreadcrumbList\",\"@id\":\"https:\/\/www.campingtarn.com\/es\/alojado-en\/#breadcrumb\",\"itemListElement\":[{\"@type\":\"ListItem\",\"position\":1,\"name\":\"Inicio\",\"item\":\"https:\/\/www.campingtarn.com\/es\/inicio\/\"},{\"@type\":\"ListItem\",\"position\":2,\"name\":\"Alojado en\"}]},{\"@type\":\"WebSite\",\"@id\":\"https:\/\/www.campingtarn.com\/es\/#website\",\"url\":\"https:\/\/www.campingtarn.com\/es\/\",\"name\":\"campingtarn.com\",\"description\":\"\",\"potentialAction\":[{\"@type\":\"SearchAction\",\"target\":{\"@type\":\"EntryPoint\",\"urlTemplate\":\"https:\/\/www.campingtarn.com\/es\/?s={search_term_string}\"},\"query-input\":{\"@type\":\"PropertyValueSpecification\",\"valueRequired\":true,\"valueName\":\"search_term_string\"}}],\"inLanguage\":\"es\"}]}<\/script>\n<!-- \/ Yoast SEO plugin. -->","yoast_head_json":{"title":"Campings Anim\u00e9s du Tarn - Clubs y veladas | ATHPA","description":"Selecci\u00f3n de campings y PRL en el Tarn con animaciones regulares: clubes infantiles\/juveniles, torneos, veladas tem\u00e1ticas. Compara instalaciones y precios,","robots":{"index":"index","follow":"follow","max-snippet":"max-snippet:-1","max-image-preview":"max-image-preview:large","max-video-preview":"max-video-preview:-1"},"canonical":"https:\/\/www.campingtarn.com\/es\/alojado-en\/","og_locale":"es_ES","og_type":"article","og_title":"Campings Anim\u00e9s du Tarn - Clubs y veladas | ATHPA","og_description":"Selecci\u00f3n de campings y PRL en el Tarn con animaciones regulares: clubes infantiles\/juveniles, torneos, veladas tem\u00e1ticas. Compara instalaciones y precios,","og_url":"https:\/\/www.campingtarn.com\/es\/alojado-en\/","og_site_name":"campingtarn.com","article_modified_time":"2025-12-23T06:50:41+00:00","og_image":[{"width":1920,"height":721,"url":"https:\/\/www.campingtarn.com\/wp-content\/uploads\/2025\/10\/camping-animations.jpg","type":"image\/jpeg"}],"twitter_card":"summary_large_image","twitter_misc":{"Tiempo de lectura":"1 minuto"},"schema":{"@context":"https:\/\/schema.org","@graph":[{"@type":"WebPage","@id":"https:\/\/www.campingtarn.com\/es\/alojado-en\/","url":"https:\/\/www.campingtarn.com\/es\/alojado-en\/","name":"Campings Anim\u00e9s du Tarn - Clubs y veladas | ATHPA","isPartOf":{"@id":"https:\/\/www.campingtarn.com\/es\/#website"},"primaryImageOfPage":{"@id":"https:\/\/www.campingtarn.com\/es\/alojado-en\/#primaryimage"},"image":{"@id":"https:\/\/www.campingtarn.com\/es\/alojado-en\/#primaryimage"},"thumbnailUrl":"https:\/\/www.campingtarn.com\/wp-content\/uploads\/2025\/10\/camping-animations.jpg","datePublished":"2025-05-16T14:58:07+00:00","dateModified":"2025-12-23T06:50:41+00:00","description":"Selecci\u00f3n de campings y PRL en el Tarn con animaciones regulares: clubes infantiles\/juveniles, torneos, veladas tem\u00e1ticas. Compara instalaciones y precios,","breadcrumb":{"@id":"https:\/\/www.campingtarn.com\/es\/alojado-en\/#breadcrumb"},"inLanguage":"es","potentialAction":[{"@type":"ReadAction","target":["https:\/\/www.campingtarn.com\/es\/alojado-en\/"]}]},{"@type":"ImageObject","inLanguage":"es","@id":"https:\/\/www.campingtarn.com\/es\/alojado-en\/#primaryimage","url":"https:\/\/www.campingtarn.com\/wp-content\/uploads\/2025\/10\/camping-animations.jpg","contentUrl":"https:\/\/www.campingtarn.com\/wp-content\/uploads\/2025\/10\/camping-animations.jpg"},{"@type":"BreadcrumbList","@id":"https:\/\/www.campingtarn.com\/es\/alojado-en\/#breadcrumb","itemListElement":[{"@type":"ListItem","position":1,"name":"Inicio","item":"https:\/\/www.campingtarn.com\/es\/inicio\/"},{"@type":"ListItem","position":2,"name":"Alojado en"}]},{"@type":"WebSite","@id":"https:\/\/www.campingtarn.com\/es\/#website","url":"https:\/\/www.campingtarn.com\/es\/","name":"campingtarn.com","description":"","potentialAction":[{"@type":"SearchAction","target":{"@type":"EntryPoint","urlTemplate":"https:\/\/www.campingtarn.com\/es\/?s={search_term_string}"},"query-input":{"@type":"PropertyValueSpecification","valueRequired":true,"valueName":"search_term_string"}}],"inLanguage":"es"}]}},"_links":{"self":[{"href":"https:\/\/www.campingtarn.com\/es\/wp-json\/wp\/v2\/pages\/13064","targetHints":{"allow":["GET"]}}],"collection":[{"href":"https:\/\/www.campingtarn.com\/es\/wp-json\/wp\/v2\/pages"}],"about":[{"href":"https:\/\/www.campingtarn.com\/es\/wp-json\/wp\/v2\/types\/page"}],"author":[{"embeddable":true,"href":"https:\/\/www.campingtarn.com\/es\/wp-json\/wp\/v2\/users\/1"}],"replies":[{"embeddable":true,"href":"https:\/\/www.campingtarn.com\/es\/wp-json\/wp\/v2\/comments?post=13064"}],"version-history":[{"count":5,"href":"https:\/\/www.campingtarn.com\/es\/wp-json\/wp\/v2\/pages\/13064\/revisions"}],"predecessor-version":[{"id":13658,"href":"https:\/\/www.campingtarn.com\/es\/wp-json\/wp\/v2\/pages\/13064\/revisions\/13658"}],"wp:attachment":[{"href":"https:\/\/www.campingtarn.com\/es\/wp-json\/wp\/v2\/media?parent=13064"}],"curies":[{"name":"wp","href":"https:\/\/api.w.org\/{rel}","templated":true}]}}